{"id":5488,"date":"2024-09-18T12:52:29","date_gmt":"2024-09-18T11:52:29","guid":{"rendered":"https:\/\/festivaldelesarts.kinsta.cloud\/serveis\/promo-recarrega\/"},"modified":"2025-10-06T16:00:07","modified_gmt":"2025-10-06T15:00:07","slug":"promo-recarrega","status":"publish","type":"page","link":"https:\/\/festivaldelesarts.com\/ca\/promo-recarrega\/","title":{"rendered":"Info"},"content":{"rendered":"\t\t<div data-elementor-type=\"wp-page\" data-elementor-id=\"5488\" class=\"elementor elementor-5488 elementor-5008\" data-elementor-post-type=\"page\">\n\t\t\t\t<div class=\"elementor-element elementor-element-c921ff4 e-con-full e-flex e-con e-parent\" data-id=\"c921ff4\" data-element_type=\"container\" data-e-type=\"container\" data-settings=\"{&quot;background_background&quot;:&quot;classic&quot;}\">\n\t\t<div class=\"elementor-element elementor-element-f7d2134 e-con-full e-flex e-con e-child\" data-id=\"f7d2134\" data-element_type=\"container\" data-e-type=\"container\" data-settings=\"{&quot;background_background&quot;:&quot;classic&quot;}\">\n\t\t<div class=\"elementor-element elementor-element-c9429be e-con-full e-flex e-con e-child\" data-id=\"c9429be\" data-element_type=\"container\" data-e-type=\"container\" data-settings=\"{&quot;background_background&quot;:&quot;video&quot;,&quot;background_video_link&quot;:&quot;https:\\\/\\\/www.youtube.com\\\/watch?v=9aPFh6hSyzA&quot;,&quot;background_play_on_mobile&quot;:&quot;yes&quot;}\">\n\t\t<div class=\"elementor-background-video-container\">\n\t\t\t\t\t\t\t<div class=\"elementor-background-video-embed\" role=\"presentation\"><\/div>\n\t\t\t\t\t\t<\/div><div class=\"elementor-element elementor-element-c557f5f e-con-full e-flex e-con e-child\" data-id=\"c557f5f\" data-element_type=\"container\" data-e-type=\"container\" data-settings=\"{&quot;background_background&quot;:&quot;classic&quot;}\">\n\t\t<div class=\"elementor-element elementor-element-61a9d4d e-con-full e-flex e-con e-child\" data-id=\"61a9d4d\" data-element_type=\"container\" data-e-type=\"container\">\n\t\t\t\t<div class=\"elementor-element elementor-element-56eb05e elementor-widget__width-auto elementor-widget-tablet__width-auto elementor-widget-mobile__width-auto elementor-widget elementor-widget-text-editor\" data-id=\"56eb05e\" data-element_type=\"widget\" data-e-type=\"widget\" data-widget_type=\"text-editor.default\">\n\t\t\t\t<div class=\"elementor-widget-container\">\n\t\t\t\t\t\t\t\t\t<p>INFO<\/p>\n\t\t\t\t\t\t\t\t<\/div>\n\t\t\t\t<\/div>\n\t\t\t\t<\/div>\n\t\t\t\t<\/div>\n\t\t\t\t<\/div>\n\t\t\t\t<\/div>\n\t\t\t\t<\/div>\n\t\t<div class=\"elementor-element elementor-element-dadbd50 e-con-full e-flex e-con e-parent\" data-id=\"dadbd50\" data-element_type=\"container\" data-e-type=\"container\" data-settings=\"{&quot;background_background&quot;:&quot;classic&quot;}\">\n\t\t\t\t<\/div>\n\t\t<div class=\"elementor-element elementor-element-ea7e0c1 e-con-full e-flex e-con e-parent\" data-id=\"ea7e0c1\" data-element_type=\"container\" data-e-type=\"container\" data-settings=\"{&quot;background_background&quot;:&quot;classic&quot;}\">\n\t\t<div class=\"elementor-element elementor-element-b4a0f93 e-con-full e-flex e-con e-child\" data-id=\"b4a0f93\" data-element_type=\"container\" data-e-type=\"container\" data-settings=\"{&quot;background_background&quot;:&quot;classic&quot;}\">\n\t\t<div class=\"elementor-element elementor-element-4836b62 e-con-full e-flex e-con e-child\" data-id=\"4836b62\" data-element_type=\"container\" data-e-type=\"container\">\n\t\t<div class=\"elementor-element elementor-element-24193db e-con-full e-flex e-con e-child\" data-id=\"24193db\" data-element_type=\"container\" data-e-type=\"container\" data-settings=\"{&quot;background_background&quot;:&quot;classic&quot;}\">\n\t\t\t\t<div class=\"elementor-element elementor-element-d17cd73 elementor-widget__width-initial elementor-widget-mobile__width-initial elementor-widget elementor-widget-text-editor\" data-id=\"d17cd73\" data-element_type=\"widget\" data-e-type=\"widget\" data-widget_type=\"text-editor.default\">\n\t\t\t\t<div class=\"elementor-widget-container\">\n\t\t\t\t\t\t\t\t\t<p data-prosemirror-content-type=\"node\" data-prosemirror-node-name=\"paragraph\" data-prosemirror-node-block=\"true\" data-pm-slice=\"1 1 []\">Festival de les Arts \u00e9s una celebraci\u00f3 de la cultura, l&#8217;art i la creativitat en un entorn \u00fanic. Des de la primera edici\u00f3, aquest festival ha convertit la Ciutat de les Arts i les Ci\u00e8ncies de Val\u00e8ncia en un punt de trobada imprescindible per als amants de l&#8217;indie i la m\u00fasica en directe. En aquesta desena edici\u00f3 podreu gaudir d&#8217;alguns dels artistes m\u00e9s destacats del panorama nacional i internacional durant dos dies de concerts inoblidables en un recinte m\u00e9s ampli, m\u00e9s especial i amb m\u00e9s escenaris que mai.<\/p>\n\t\t\t\t\t\t\t\t<\/div>\n\t\t\t\t<\/div>\n\t\t\t\t<\/div>\n\t\t<div class=\"elementor-element elementor-element-a16ac66 e-con-full e-flex e-con e-child\" data-id=\"a16ac66\" data-element_type=\"container\" data-e-type=\"container\">\n\t\t<div class=\"elementor-element elementor-element-661cc6c e-con-full e-flex e-con e-child\" data-id=\"661cc6c\" data-element_type=\"container\" data-e-type=\"container\" data-settings=\"{&quot;background_background&quot;:&quot;classic&quot;}\">\n\t\t\t\t<div class=\"elementor-element elementor-element-999ec1a lineup elementor-widget elementor-widget-text-editor\" data-id=\"999ec1a\" data-element_type=\"widget\" data-e-type=\"widget\" data-widget_type=\"text-editor.default\">\n\t\t\t\t<div class=\"elementor-widget-container\">\n\t\t\t\t\t\t\t\t\t<p data-prosemirror-content-type=\"node\" data-prosemirror-node-name=\"paragraph\" data-prosemirror-node-block=\"true\" data-pm-slice=\"1 1 []\">VAL\u00c8NCIA<\/p>\n\t\t\t\t\t\t\t\t<\/div>\n\t\t\t\t<\/div>\n\t\t\t\t<div class=\"elementor-element elementor-element-b67efe9 elementor-widget__width-initial elementor-widget-mobile__width-initial elementor-widget elementor-widget-text-editor\" data-id=\"b67efe9\" data-element_type=\"widget\" data-e-type=\"widget\" data-widget_type=\"text-editor.default\">\n\t\t\t\t<div class=\"elementor-widget-container\">\n\t\t\t\t\t\t\t\t\t<p data-prosemirror-content-type=\"node\" data-prosemirror-node-name=\"paragraph\" data-prosemirror-node-block=\"true\" data-pm-slice=\"1 1 []\">No coneixes Val\u00e8ncia? Aprofiteu el vostre pas pel festival per gaudir d&#8217;una ciutat plena d&#8217;art, hist\u00f2ria i gastronomia mediterr\u00e0nia.<\/p>\n\t\t\t\t\t\t\t\t<\/div>\n\t\t\t\t<\/div>\n\t\t<div class=\"elementor-element elementor-element-d45cf7f e-con-full e-flex e-con e-child\" data-id=\"d45cf7f\" data-element_type=\"container\" data-e-type=\"container\">\n\t\t\t\t<div class=\"elementor-element elementor-element-abc22f9 elementor-mobile-align-center elementor-widget elementor-widget-button\" data-id=\"abc22f9\" data-element_type=\"widget\" data-e-type=\"widget\" data-widget_type=\"button.default\">\n\t\t\t\t<div class=\"elementor-widget-container\">\n\t\t\t\t\t\t\t\t\t<div class=\"elementor-button-wrapper\">\n\t\t\t\t\t<a class=\"elementor-button elementor-size-sm elementor-animation-grow\" role=\"button\">\n\t\t\t\t\t\t<span class=\"elementor-button-content-wrapper\">\n\t\t\t\t\t\t\t\t\t<span class=\"elementor-button-text\">PROPERAMENT<\/span>\n\t\t\t\t\t<\/span>\n\t\t\t\t\t<\/a>\n\t\t\t\t<\/div>\n\t\t\t\t\t\t\t\t<\/div>\n\t\t\t\t<\/div>\n\t\t\t\t<\/div>\n\t\t\t\t<\/div>\n\t\t<div class=\"elementor-element elementor-element-8ca7b44 e-con-full e-flex e-con e-child\" data-id=\"8ca7b44\" data-element_type=\"container\" data-e-type=\"container\" data-settings=\"{&quot;background_background&quot;:&quot;classic&quot;}\">\n\t\t\t\t<div class=\"elementor-element elementor-element-6a3ebbc lineup elementor-widget elementor-widget-text-editor\" data-id=\"6a3ebbc\" data-element_type=\"widget\" data-e-type=\"widget\" data-widget_type=\"text-editor.default\">\n\t\t\t\t<div class=\"elementor-widget-container\">\n\t\t\t\t\t\t\t\t\t<p data-prosemirror-content-type=\"node\" data-prosemirror-node-name=\"paragraph\" data-prosemirror-node-block=\"true\" data-pm-slice=\"1 1 []\">COM ARRIBAR<\/p>\n\t\t\t\t\t\t\t\t<\/div>\n\t\t\t\t<\/div>\n\t\t\t\t<div class=\"elementor-element elementor-element-6d5b591 elementor-widget__width-initial elementor-widget-mobile__width-initial elementor-widget elementor-widget-text-editor\" data-id=\"6d5b591\" data-element_type=\"widget\" data-e-type=\"widget\" data-widget_type=\"text-editor.default\">\n\t\t\t\t<div class=\"elementor-widget-container\">\n\t\t\t\t\t\t\t\t\t<p data-prosemirror-content-type=\"node\" data-prosemirror-node-name=\"paragraph\" data-prosemirror-node-block=\"true\" data-pm-slice=\"1 1 []\">Descobreix com arribar des de la teva ciutat al recinte. Veur\u00e0s que no hi ha recinte m\u00e9s especial que el nostre.<\/p>\n\t\t\t\t\t\t\t\t<\/div>\n\t\t\t\t<\/div>\n\t\t<div class=\"elementor-element elementor-element-2aaf305 e-con-full e-flex e-con e-child\" data-id=\"2aaf305\" data-element_type=\"container\" data-e-type=\"container\">\n\t\t\t\t<div class=\"elementor-element elementor-element-f9eab77 elementor-mobile-align-center elementor-widget elementor-widget-button\" data-id=\"f9eab77\" data-element_type=\"widget\" data-e-type=\"widget\" data-widget_type=\"button.default\">\n\t\t\t\t<div class=\"elementor-widget-container\">\n\t\t\t\t\t\t\t\t\t<div class=\"elementor-button-wrapper\">\n\t\t\t\t\t<a class=\"elementor-button elementor-size-sm elementor-animation-grow\" role=\"button\">\n\t\t\t\t\t\t<span class=\"elementor-button-content-wrapper\">\n\t\t\t\t\t\t\t\t\t<span class=\"elementor-button-text\">PROPERAMENT<\/span>\n\t\t\t\t\t<\/span>\n\t\t\t\t\t<\/a>\n\t\t\t\t<\/div>\n\t\t\t\t\t\t\t\t<\/div>\n\t\t\t\t<\/div>\n\t\t\t\t<\/div>\n\t\t\t\t<\/div>\n\t\t<div class=\"elementor-element elementor-element-be9ad57 e-con-full e-flex e-con e-child\" data-id=\"be9ad57\" data-element_type=\"container\" data-e-type=\"container\" data-settings=\"{&quot;background_background&quot;:&quot;classic&quot;}\">\n\t\t\t\t<div class=\"elementor-element elementor-element-0d58773 lineup elementor-widget elementor-widget-text-editor\" data-id=\"0d58773\" data-element_type=\"widget\" data-e-type=\"widget\" data-widget_type=\"text-editor.default\">\n\t\t\t\t<div class=\"elementor-widget-container\">\n\t\t\t\t\t\t\t\t\t<p data-prosemirror-content-type=\"node\" data-prosemirror-node-name=\"paragraph\" data-prosemirror-node-block=\"true\" data-pm-slice=\"1 1 []\">CONTACTE<\/p>\n\t\t\t\t\t\t\t\t<\/div>\n\t\t\t\t<\/div>\n\t\t\t\t<div class=\"elementor-element elementor-element-0eb66f7 elementor-widget__width-initial elementor-widget-mobile__width-initial elementor-widget elementor-widget-text-editor\" data-id=\"0eb66f7\" data-element_type=\"widget\" data-e-type=\"widget\" data-widget_type=\"text-editor.default\">\n\t\t\t\t<div class=\"elementor-widget-container\">\n\t\t\t\t\t\t\t\t\t<p data-prosemirror-content-type=\"node\" data-prosemirror-node-name=\"paragraph\" data-prosemirror-node-block=\"true\" data-pm-slice=\"1 1 []\">Si continueu tenint dubtes, consulteu les diferents vies de contacte amb l&#8217;organitzaci\u00f3 del festival.<\/p>\n\t\t\t\t\t\t\t\t<\/div>\n\t\t\t\t<\/div>\n\t\t<div class=\"elementor-element elementor-element-442cc68 e-con-full e-flex e-con e-child\" data-id=\"442cc68\" data-element_type=\"container\" data-e-type=\"container\">\n\t\t\t\t<div class=\"elementor-element elementor-element-a03175d elementor-mobile-align-center elementor-widget elementor-widget-button\" data-id=\"a03175d\" data-element_type=\"widget\" data-e-type=\"widget\" data-widget_type=\"button.default\">\n\t\t\t\t<div class=\"elementor-widget-container\">\n\t\t\t\t\t\t\t\t\t<div class=\"elementor-button-wrapper\">\n\t\t\t\t\t<a class=\"elementor-button elementor-button-link elementor-size-sm elementor-animation-grow\" href=\"https:\/\/festivaldelesarts.com\/ca\/promo-recarrega\/contacte\/\">\n\t\t\t\t\t\t<span class=\"elementor-button-content-wrapper\">\n\t\t\t\t\t\t\t\t\t<span class=\"elementor-button-text\">+Info<\/span>\n\t\t\t\t\t<\/span>\n\t\t\t\t\t<\/a>\n\t\t\t\t<\/div>\n\t\t\t\t\t\t\t\t<\/div>\n\t\t\t\t<\/div>\n\t\t\t\t<\/div>\n\t\t\t\t<\/div>\n\t\t\t\t<\/div>\n\t\t\t\t<\/div>\n\t\t\t\t<\/div>\n\t\t<div class=\"elementor-element elementor-element-d58a8a6 e-con-full e-flex e-con e-child\" data-id=\"d58a8a6\" data-element_type=\"container\" data-e-type=\"container\">\n\t\t<div class=\"elementor-element elementor-element-8c4bb62 e-con-full e-flex e-con e-child\" data-id=\"8c4bb62\" data-element_type=\"container\" data-e-type=\"container\" data-settings=\"{&quot;background_background&quot;:&quot;classic&quot;}\">\n\t\t\t\t<\/div>\n\t\t\t\t<\/div>\n\t\t\t\t<\/div>\n\t\t\t\t<\/div>\n\t\t","protected":false},"excerpt":{"rendered":"<p>INFO Festival de les Arts \u00e9s una celebraci\u00f3 de la cultura, l&#8217;art i la creativitat en un entorn \u00fanic. Des de la primera edici\u00f3, aquest festival ha convertit la Ciutat de les Arts i les Ci\u00e8ncies de Val\u00e8ncia en un punt de trobada imprescindible per als amants de l&#8217;indie i la m\u00fasica en directe. En [&hellip;]<\/p>\n","protected":false},"author":8,"featured_media":0,"parent":0,"menu_order":0,"comment_status":"closed","ping_status":"closed","template":"","meta":{"footnotes":""},"class_list":["post-5488","page","type-page","status-publish","hentry"],"yoast_head":"<!-- This site is optimized with the Yoast SEO plugin v27.4 - https:\/\/yoast.com\/product\/yoast-seo-wordpress\/ -->\n<title>Info | Festival de les Arts 2025<\/title>\n<meta name=\"description\" content=\"Aprofita la rec\u00e0rrega anticipada de la polsera de Festival de les Arts 2025. Evita les cues i aconsegueix diners extra GRATIS.\" \/>\n<meta name=\"robots\" content=\"index, follow, max-snippet:-1, max-image-preview:large, max-video-preview:-1\" \/>\n<link rel=\"canonical\" href=\"https:\/\/festivaldelesarts.com\/ca\/promo-recarrega\/\" \/>\n<meta property=\"og:locale\" content=\"ca_ES\" \/>\n<meta property=\"og:type\" content=\"article\" \/>\n<meta property=\"og:title\" content=\"Info | Festival de les Arts 2025\" \/>\n<meta property=\"og:description\" content=\"Aprofita la rec\u00e0rrega anticipada de la polsera de Festival de les Arts 2025. Evita les cues i aconsegueix diners extra GRATIS.\" \/>\n<meta property=\"og:url\" content=\"https:\/\/festivaldelesarts.com\/ca\/promo-recarrega\/\" \/>\n<meta property=\"og:site_name\" content=\"Festival de les Arts\" \/>\n<meta property=\"article:modified_time\" content=\"2025-10-06T15:00:07+00:00\" \/>\n<meta name=\"twitter:card\" content=\"summary_large_image\" \/>\n<meta name=\"twitter:label1\" content=\"Est. reading time\" \/>\n\t<meta name=\"twitter:data1\" content=\"1 minute\" \/>\n<script type=\"application\/ld+json\" class=\"yoast-schema-graph\">{\"@context\":\"https:\\\/\\\/schema.org\",\"@graph\":[{\"@type\":\"WebPage\",\"@id\":\"https:\\\/\\\/festivaldelesarts.com\\\/ca\\\/promo-recarrega\\\/\",\"url\":\"https:\\\/\\\/festivaldelesarts.com\\\/ca\\\/promo-recarrega\\\/\",\"name\":\"Info | Festival de les Arts 2025\",\"isPartOf\":{\"@id\":\"https:\\\/\\\/festivaldelesarts.com\\\/#website\"},\"datePublished\":\"2024-09-18T11:52:29+00:00\",\"dateModified\":\"2025-10-06T15:00:07+00:00\",\"description\":\"Aprofita la rec\u00e0rrega anticipada de la polsera de Festival de les Arts 2025. Evita les cues i aconsegueix diners extra GRATIS.\",\"breadcrumb\":{\"@id\":\"https:\\\/\\\/festivaldelesarts.com\\\/ca\\\/promo-recarrega\\\/#breadcrumb\"},\"inLanguage\":\"ca\",\"potentialAction\":[{\"@type\":\"ReadAction\",\"target\":[\"https:\\\/\\\/festivaldelesarts.com\\\/ca\\\/promo-recarrega\\\/\"]}]},{\"@type\":\"BreadcrumbList\",\"@id\":\"https:\\\/\\\/festivaldelesarts.com\\\/ca\\\/promo-recarrega\\\/#breadcrumb\",\"itemListElement\":[{\"@type\":\"ListItem\",\"position\":1,\"name\":\"Portada\",\"item\":\"https:\\\/\\\/festivaldelesarts.com\\\/ca\\\/\"},{\"@type\":\"ListItem\",\"position\":2,\"name\":\"Info\"}]},{\"@type\":\"WebSite\",\"@id\":\"https:\\\/\\\/festivaldelesarts.com\\\/#website\",\"url\":\"https:\\\/\\\/festivaldelesarts.com\\\/\",\"name\":\"Festival de les Arts\",\"description\":\"Festival de m\u00fasica alternativa, pop y rock que tiene lugar en la Ciudad de las Artes y de las Ciencias, en Valencia.\",\"publisher\":{\"@id\":\"https:\\\/\\\/festivaldelesarts.com\\\/#organization\"},\"potentialAction\":[{\"@type\":\"SearchAction\",\"target\":{\"@type\":\"EntryPoint\",\"urlTemplate\":\"https:\\\/\\\/festivaldelesarts.com\\\/?s={search_term_string}\"},\"query-input\":{\"@type\":\"PropertyValueSpecification\",\"valueRequired\":true,\"valueName\":\"search_term_string\"}}],\"inLanguage\":\"ca\"},{\"@type\":\"Organization\",\"@id\":\"https:\\\/\\\/festivaldelesarts.com\\\/#organization\",\"name\":\"Festival de les Arts\",\"url\":\"https:\\\/\\\/festivaldelesarts.com\\\/\",\"logo\":{\"@type\":\"ImageObject\",\"inLanguage\":\"ca\",\"@id\":\"https:\\\/\\\/festivaldelesarts.com\\\/#\\\/schema\\\/logo\\\/image\\\/\",\"url\":\"https:\\\/\\\/festivaldelesarts.com\\\/wp-content\\\/uploads\\\/2022\\\/05\\\/Recurso-9@150x.webp\",\"contentUrl\":\"https:\\\/\\\/festivaldelesarts.com\\\/wp-content\\\/uploads\\\/2022\\\/05\\\/Recurso-9@150x.webp\",\"width\":730,\"height\":209,\"caption\":\"Festival de les Arts\"},\"image\":{\"@id\":\"https:\\\/\\\/festivaldelesarts.com\\\/#\\\/schema\\\/logo\\\/image\\\/\"}}]}<\/script>\n<!-- \/ Yoast SEO plugin. -->","yoast_head_json":{"title":"Info | Festival de les Arts 2025","description":"Aprofita la rec\u00e0rrega anticipada de la polsera de Festival de les Arts 2025. Evita les cues i aconsegueix diners extra GRATIS.","robots":{"index":"index","follow":"follow","max-snippet":"max-snippet:-1","max-image-preview":"max-image-preview:large","max-video-preview":"max-video-preview:-1"},"canonical":"https:\/\/festivaldelesarts.com\/ca\/promo-recarrega\/","og_locale":"ca_ES","og_type":"article","og_title":"Info | Festival de les Arts 2025","og_description":"Aprofita la rec\u00e0rrega anticipada de la polsera de Festival de les Arts 2025. Evita les cues i aconsegueix diners extra GRATIS.","og_url":"https:\/\/festivaldelesarts.com\/ca\/promo-recarrega\/","og_site_name":"Festival de les Arts","article_modified_time":"2025-10-06T15:00:07+00:00","twitter_card":"summary_large_image","twitter_misc":{"Est. reading time":"1 minute"},"schema":{"@context":"https:\/\/schema.org","@graph":[{"@type":"WebPage","@id":"https:\/\/festivaldelesarts.com\/ca\/promo-recarrega\/","url":"https:\/\/festivaldelesarts.com\/ca\/promo-recarrega\/","name":"Info | Festival de les Arts 2025","isPartOf":{"@id":"https:\/\/festivaldelesarts.com\/#website"},"datePublished":"2024-09-18T11:52:29+00:00","dateModified":"2025-10-06T15:00:07+00:00","description":"Aprofita la rec\u00e0rrega anticipada de la polsera de Festival de les Arts 2025. Evita les cues i aconsegueix diners extra GRATIS.","breadcrumb":{"@id":"https:\/\/festivaldelesarts.com\/ca\/promo-recarrega\/#breadcrumb"},"inLanguage":"ca","potentialAction":[{"@type":"ReadAction","target":["https:\/\/festivaldelesarts.com\/ca\/promo-recarrega\/"]}]},{"@type":"BreadcrumbList","@id":"https:\/\/festivaldelesarts.com\/ca\/promo-recarrega\/#breadcrumb","itemListElement":[{"@type":"ListItem","position":1,"name":"Portada","item":"https:\/\/festivaldelesarts.com\/ca\/"},{"@type":"ListItem","position":2,"name":"Info"}]},{"@type":"WebSite","@id":"https:\/\/festivaldelesarts.com\/#website","url":"https:\/\/festivaldelesarts.com\/","name":"Festival de les Arts","description":"Festival de m\u00fasica alternativa, pop y rock que tiene lugar en la Ciudad de las Artes y de las Ciencias, en Valencia.","publisher":{"@id":"https:\/\/festivaldelesarts.com\/#organization"},"potentialAction":[{"@type":"SearchAction","target":{"@type":"EntryPoint","urlTemplate":"https:\/\/festivaldelesarts.com\/?s={search_term_string}"},"query-input":{"@type":"PropertyValueSpecification","valueRequired":true,"valueName":"search_term_string"}}],"inLanguage":"ca"},{"@type":"Organization","@id":"https:\/\/festivaldelesarts.com\/#organization","name":"Festival de les Arts","url":"https:\/\/festivaldelesarts.com\/","logo":{"@type":"ImageObject","inLanguage":"ca","@id":"https:\/\/festivaldelesarts.com\/#\/schema\/logo\/image\/","url":"https:\/\/festivaldelesarts.com\/wp-content\/uploads\/2022\/05\/Recurso-9@150x.webp","contentUrl":"https:\/\/festivaldelesarts.com\/wp-content\/uploads\/2022\/05\/Recurso-9@150x.webp","width":730,"height":209,"caption":"Festival de les Arts"},"image":{"@id":"https:\/\/festivaldelesarts.com\/#\/schema\/logo\/image\/"}}]}},"_links":{"self":[{"href":"https:\/\/festivaldelesarts.com\/ca\/wp-json\/wp\/v2\/pages\/5488","targetHints":{"allow":["GET"]}}],"collection":[{"href":"https:\/\/festivaldelesarts.com\/ca\/wp-json\/wp\/v2\/pages"}],"about":[{"href":"https:\/\/festivaldelesarts.com\/ca\/wp-json\/wp\/v2\/types\/page"}],"author":[{"embeddable":true,"href":"https:\/\/festivaldelesarts.com\/ca\/wp-json\/wp\/v2\/users\/8"}],"replies":[{"embeddable":true,"href":"https:\/\/festivaldelesarts.com\/ca\/wp-json\/wp\/v2\/comments?post=5488"}],"version-history":[{"count":3,"href":"https:\/\/festivaldelesarts.com\/ca\/wp-json\/wp\/v2\/pages\/5488\/revisions"}],"predecessor-version":[{"id":7361,"href":"https:\/\/festivaldelesarts.com\/ca\/wp-json\/wp\/v2\/pages\/5488\/revisions\/7361"}],"wp:attachment":[{"href":"https:\/\/festivaldelesarts.com\/ca\/wp-json\/wp\/v2\/media?parent=5488"}],"curies":[{"name":"wp","href":"https:\/\/api.w.org\/{rel}","templated":true}]}}